{"id":1039,"date":"2021-03-17T13:55:28","date_gmt":"2021-03-17T12:55:28","guid":{"rendered":"https:\/\/www.tcg-service.de\/?page_id=1039"},"modified":"2021-12-31T11:21:52","modified_gmt":"2021-12-31T10:21:52","slug":"datenschutz","status":"publish","type":"page","link":"https:\/\/www.tcg-service.de\/tr\/home\/datenschutz\/","title":{"rendered":"Bilgi koruma"},"content":{"rendered":"<h1>Datenschutzerkl\u00e4rung:<\/h1>\n<h2>Datenschutz<\/h2>\n<p>Perso\u00adnen\u00adbe\u00adzo\u00adgene Daten (nachfol\u00adgend zumeist nur \u201eDaten\u201c genannt) werden von uns nur im Rahmen der Erfor\u00adder\u00adlich\u00adkeit sowie zum Zwecke der Bereit\u00adstel\u00adlung eines funkti\u00adons\u00adf\u00e4\u00adhigen und nutzer\u00adfreund\u00adli\u00adchen Inter\u00adnet\u00adauf\u00adtritts, inklu\u00adsive seiner Inhalte und der dort angebo\u00adtenen Leistungen, verarbeitet.<\/p>\n<p>Gem\u00e4\u00df Art. 4&nbsp;Ziffer 1. der Verord\u00adnung (EU) <sup class=\"numerator\">2016<\/sup>\u2044<sub class=\"denominator\">679<\/sub>, also der Daten\u00adschutz-Grund\u00adver\u00adord\u00adnung (nachfol\u00adgend nur \u201eDSGVO\u201c genannt), gilt als \u201eVerar\u00adbei\u00adtung\u201c jeder mit oder ohne Hilfe automa\u00adti\u00adsierter Verfahren ausge\u00adf\u00fchrter Vorgang oder jede solche Vorgangs\u00adreihe im Zusam\u00admen\u00adhang mit perso\u00adnen\u00adbe\u00adzo\u00adgenen Daten, wie das Erheben, das Erfassen, die Organi\u00adsa\u00adtion, das Ordnen, die Speiche\u00adrung, die Anpas\u00adsung oder Ver\u00e4n\u00adde\u00adrung, das Auslesen, das Abfragen, die Verwen\u00addung, die Offen\u00adle\u00adgung durch \u00dcbermitt\u00adlung, Verbrei\u00adtung oder eine andere Form der Bereit\u00adstel\u00adlung, den Abgleich oder die Verkn\u00fcp\u00adfung, die Einschr\u00e4n\u00adkung, das L\u00f6schen oder die Vernichtung.<\/p>\n<p>Mit der nachfol\u00adgenden Daten\u00adschutz\u00ader\u00adkl\u00e4\u00adrung infor\u00admieren wir Sie insbe\u00adson\u00addere \u00fcber Art, Umfang, Zweck, Dauer und Rechts\u00adgrund\u00adlage der Verar\u00adbei\u00adtung perso\u00adnen\u00adbe\u00adzo\u00adgener Daten, soweit wir entweder allein oder gemeinsam mit anderen \u00fcber die Zwecke und Mittel der Verar\u00adbei\u00adtung entscheiden. Zudem infor\u00admieren wir Sie nachfol\u00adgend \u00fcber die von uns zu Optimie\u00adrungs\u00adzwe\u00adcken sowie zur Steige\u00adrung der Nutzungs\u00adqua\u00adlit\u00e4t einge\u00adsetzten Fremd\u00adkom\u00adpo\u00adnenten, soweit hierdurch Dritte Daten in wiederum eigener Verant\u00adwor\u00adtung verarbeiten.<\/p>\n<p>Unsere Daten\u00adschutz\u00ader\u00adkl\u00e4\u00adrung ist wie folgt gegliedert:<\/p>\n<p>I. Infor\u00adma\u00adtionen \u00fcber uns als Verantwortliche<br> II. Rechte der Nutzer und Betroffenen<br> III. Infor\u00adma\u00adtionen zur Datenverarbeitung<\/p>\n<h3>I. Informationen \u00fcber uns als Verantwortliche<\/h3>\n<p>Verant\u00adwort\u00adli\u00adcher Anbieter dieses Inter\u00adnet\u00adauf\u00adtritts im daten\u00adschutz\u00adrecht\u00adli\u00adchen Sinne&nbsp;ist:<\/p>\n<h4>Postanschrift:<\/h4>\n<p>TCG \u2013 Tasoeren Consul\u00adting&nbsp;Group<br> Markgraf-Albrecht-Str. 10<br> 10711 Berlin<br> Deutschland<\/p>\n<h4>Kontakt:<\/h4>\n<table>\n<tbody>\n<tr>\n<td>Telefon:<\/td>\n<td>+49 (30) 3300 \u2013&nbsp;2490<\/td>\n<\/tr>\n<tr>\n<td>Telefax:<\/td>\n<td>+49 (30) 3300 \u2013&nbsp;2491<\/td>\n<\/tr>\n<tr>\n<td>E\u2011Mail:<\/td>\n<td>webmaster@\u200btcg-\u200bservice.\u200bde<\/td>\n<\/tr>\n<\/tbody>\n<\/table>\n<h4>Datenschutzbeauftragte\/\u200br beim Anbieter ist:<\/h4>\n<p>Tugberk Tas\u00f6ren<\/p>\n<h3>II. Rechte der Nutzer und Betroffenen<\/h3>\n<p>Mit Blick auf die nachfol\u00adgend noch n\u00e4her beschrie\u00adbene Daten\u00adver\u00adar\u00adbei\u00adtung haben die Nutzer und Betrof\u00adfenen das&nbsp;Recht<\/p>\n<ul>\n<li>auf Best\u00e4\u00adti\u00adgung, ob sie betref\u00adfende Daten verar\u00adbeitet werden, auf Auskunft \u00fcber die verar\u00adbei\u00adteten Daten, auf weitere Infor\u00adma\u00adtionen \u00fcber die Daten\u00adver\u00adar\u00adbei\u00adtung sowie auf Kopien der Daten (vgl. auch Art. 15&nbsp;DSGVO);<\/li>\n<li>auf Berich\u00adti\u00adgung oder Vervoll\u00adst\u00e4n\u00addi\u00adgung unrich\u00adtiger bzw. unvoll\u00adst\u00e4n\u00addiger Daten (vgl. auch Art. 16&nbsp;DSGVO);<\/li>\n<li>auf unver\u00adz\u00fcg\u00adliche L\u00f6schung der sie betref\u00adfenden Daten (vgl. auch Art. 17 DSGVO), oder, alter\u00adnativ, soweit eine weitere Verar\u00adbei\u00adtung gem\u00e4\u00df Art. 17 Abs. 3&nbsp;DSGVO erfor\u00adder\u00adlich ist, auf Einschr\u00e4n\u00adkung der Verar\u00adbei\u00adtung nach Ma\u00dfgabe von Art. 18&nbsp;DSGVO;<\/li>\n<li>auf Erhalt der sie betref\u00adfenden und von ihnen bereit\u00adge\u00adstellten Daten und auf \u00dcbermitt\u00adlung dieser Daten an andere Anbieter\/\u200bVerantwortliche (vgl. auch Art. 20&nbsp;DSGVO);<\/li>\n<li>auf Beschwerde gegen\u00ad\u00fcber der Aufsichts\u00adbe\u00adh\u00f6rde, sofern sie der Ansicht sind, dass die sie betref\u00adfenden Daten durch den Anbieter unter Versto\u00df gegen daten\u00adschutz\u00adrecht\u00adliche Bestim\u00admungen verar\u00adbeitet werden (vgl. auch Art. 77&nbsp;DSGVO).<\/li>\n<\/ul>\n<p>Dar\u00fcber hinaus ist der Anbieter dazu verpflichtet, alle Empf\u00e4nger, denen gegen\u00ad\u00fcber Daten durch den Anbieter offen\u00adge\u00adlegt worden sind, \u00fcber jedwede Berich\u00adti\u00adgung oder L\u00f6schung von Daten oder die Einschr\u00e4n\u00adkung der Verar\u00adbei\u00adtung, die aufgrund der Artikel 16, 17 Abs. 1, 18 DSGVO erfolgt, zu unter\u00adrichten. Diese Verpflich\u00adtung besteht jedoch nicht, soweit diese Mittei\u00adlung unm\u00f6g\u00adlich oder mit einem unver\u00adh\u00e4lt\u00adnis\u00adm\u00e4\u00ad\u00dfigen Aufwand verbunden ist. Unbeschadet dessen hat der Nutzer ein Recht auf Auskunft \u00fcber diese Empf\u00e4nger.<\/p>\n<p><strong>Ebenfalls haben die Nutzer und Betrof\u00adfenen nach Art. 21 DSGVO das Recht auf Wider\u00adspruch gegen die k\u00fcnftige Verar\u00adbei\u00adtung der sie betref\u00adfenden Daten, sofern die Daten durch den Anbieter nach Ma\u00dfgabe von Art. 6&nbsp;Abs. 1&nbsp;lit. f) DSGVO verar\u00adbeitet werden. Insbe\u00adson\u00addere ist ein Wider\u00adspruch gegen die Daten\u00adver\u00adar\u00adbei\u00adtung zum Zwecke der Direkt\u00adwer\u00adbung statthaft.<\/strong><\/p>\n<h3>III. Informationen zur Datenverarbeitung<\/h3>\n<p>Ihre bei Nutzung unseres Inter\u00adnet\u00adauf\u00adtritts verar\u00adbei\u00adteten Daten werden gel\u00f6scht oder gesperrt, sobald der Zweck der Speiche\u00adrung entf\u00e4llt, der L\u00f6schung der Daten keine gesetz\u00adli\u00adchen Aufbe\u00adwah\u00adrungs\u00adpflichten entge\u00adgen\u00adstehen und nachfol\u00adgend keine anders\u00adlau\u00adtenden Angaben zu einzelnen Verar\u00adbei\u00adtungs\u00adver\u00adfahren gemacht werden.<\/p>\n<h4>Serverdaten<\/h4>\n<p>Aus techni\u00adschen Gr\u00fcnden, insbe\u00adson\u00addere zur Gew\u00e4hr\u00adleis\u00adtung eines sicheren und stabilen Inter\u00adnet\u00adauf\u00adtritts, werden Daten durch Ihren Internet-Browser an uns bzw. an unseren Webspace-Provider \u00fcbermit\u00adtelt. Mit diesen sog. Server-Logfiles werden u.a. Typ und Version Ihres Inter\u00adnet\u00adbrow\u00adsers, das Betriebs\u00adsystem, die Website, von der aus Sie auf unseren Inter\u00adnet\u00adauf\u00adtritt gewech\u00adselt haben (Referrer URL), die Website(s) unseres Inter\u00adnet\u00adauf\u00adtritts, die Sie besuchen, Datum und Uhrzeit des jewei\u00adligen Zugriffs sowie die IP-Adresse des Inter\u00adnet\u00adan\u00adschlusses, von dem aus die Nutzung unseres Inter\u00adnet\u00adauf\u00adtritts erfolgt, erhoben.<\/p>\n<p>Diese so erhobenen Daten werden vor\u00fcber\u00adge\u00adhend gespei\u00adchert, dies jedoch nicht gemeinsam mit anderen Daten von&nbsp;Ihnen.<\/p>\n<p>Diese Speiche\u00adrung erfolgt auf der Rechts\u00adgrund\u00adlage von Art. 6&nbsp;Abs. 1&nbsp;lit. f) DSGVO. Unser berech\u00adtigtes Inter\u00adesse liegt in der Verbes\u00adse\u00adrung, Stabi\u00adlit\u00e4t, Funktio\u00adna\u00adlit\u00e4t und Sicher\u00adheit unseres Internetauftritts.<\/p>\n<p>Die Daten werden sp\u00e4tes\u00adtens nach sieben Tage wieder gel\u00f6scht, soweit keine weitere Aufbe\u00adwah\u00adrung zu Beweis\u00adzwe\u00adcken erfor\u00adder\u00adlich ist. Andern\u00adfalls sind die Daten bis zur endg\u00fcl\u00adtigen Kl\u00e4rung eines Vorfalls ganz oder teilweise von der L\u00f6schung ausgenommen.<\/p>\n<h4>Cookies<\/h4>\n<h5>a) Sitzungs-Cookies\/Session-Cookies<\/h5>\n<p>Wir verwenden mit unserem Inter\u00adnet\u00adauf\u00adtritt sog. Cookies. Cookies sind kleine Textda\u00adteien oder andere Speicher\u00adtech\u00adno\u00adlo\u00adgien, die durch den von Ihnen einge\u00adsetzten Internet-Browser auf Ihrem Endger\u00e4t ablegt und gespei\u00adchert werden. Durch diese Cookies werden im indivi\u00addu\u00adellen Umfang bestimmte Infor\u00adma\u00adtionen von Ihnen, wie beispiels\u00adweise Ihre Browser- oder Stand\u00adort\u00addaten oder Ihre IP-Adresse, verarbeitet.<\/p>\n<p>Durch diese Verar\u00adbei\u00adtung wird unser Inter\u00adnet\u00adauf\u00adtritt benut\u00adzer\u00adfreund\u00adli\u00adcher, effek\u00adtiver und sicherer, da die Verar\u00adbei\u00adtung bspw. die Wieder\u00adgabe unseres Inter\u00adnet\u00adauf\u00adtritts in unter\u00adschied\u00adli\u00adchen Sprachen oder das Angebot einer Waren\u00adkorb\u00adfunk\u00adtion erm\u00f6glicht.<\/p>\n<p>Rechts\u00adgrund\u00adlage dieser Verar\u00adbei\u00adtung ist Art. 6&nbsp;Abs. 1&nbsp;lit b.) DSGVO, sofern diese Cookies Daten zur Vertrags\u00adan\u00adbah\u00adnung oder Vertrags\u00adab\u00adwick\u00adlung verar\u00adbeitet werden.<\/p>\n<p>Falls die Verar\u00adbei\u00adtung nicht der Vertrags\u00adan\u00adbah\u00adnung oder Vertrags\u00adab\u00adwick\u00adlung dient, liegt unser berech\u00adtigtes Inter\u00adesse in der Verbes\u00adse\u00adrung der Funktio\u00adna\u00adlit\u00e4t unseres Inter\u00adnet\u00adauf\u00adtritts. Rechts\u00adgrund\u00adlage ist in dann Art. 6&nbsp;Abs. 1&nbsp;lit. f)&nbsp;DSGVO.<\/p>\n<p>Mit Schlie\u00dfen Ihres Internet-Browsers werden diese Session-Cookies gel\u00f6scht.<\/p>\n<h5>b) Drittanbieter-Cookies<\/h5>\n<p>Gegebe\u00adnen\u00adfalls werden mit unserem Inter\u00adnet\u00adauf\u00adtritt auch Cookies von Partner\u00adun\u00adter\u00adnehmen, mit denen wir zum Zwecke der Werbung, der Analyse oder der Funktio\u00adna\u00adli\u00adt\u00e4ten unseres Inter\u00adnet\u00adauf\u00adtritts zusam\u00admen\u00adar\u00adbeiten, verwendet.<\/p>\n<p>Die Einzel\u00adheiten hierzu, insbe\u00adson\u00addere zu den Zwecken und den Rechts\u00adgrund\u00adlagen der Verar\u00adbei\u00adtung solcher Dritt\u00adan\u00adbieter-Cookies, entnehmen Sie bitte den nachfol\u00adgenden Informationen.<\/p>\n<h5>c) Beseitigungsm\u00f6glichkeit<\/h5>\n<p>Sie k\u00f6nnen die Instal\u00adla\u00adtion der Cookies durch eine Einstel\u00adlung Ihres Internet-Browsers verhin\u00addern oder einschr\u00e4nken. Ebenfalls k\u00f6nnen Sie bereits gespei\u00adcherte Cookies jeder\u00adzeit l\u00f6schen. Die hierf\u00fcr erfor\u00adder\u00adli\u00adchen Schritte und Ma\u00dfnahmen h\u00e4ngen jedoch von Ihrem konkret genutzten Internet-Browser ab. Bei Fragen benutzen Sie daher bitte die Hilfe\u00adfunk\u00adtion oder Dokumen\u00adta\u00adtion Ihres Internet-Browsers oder wenden sich an dessen Hersteller bzw. Support. Bei sog. Flash-Cookies kann die Verar\u00adbei\u00adtung aller\u00addings nicht \u00fcber die Einstel\u00adlungen des Browsers unter\u00adbunden werden. Statt\u00addessen m\u00fcssen Sie insoweit die Einstel\u00adlung Ihres Flash-Players \u00e4ndern. Auch die hierf\u00fcr erfor\u00adder\u00adli\u00adchen Schritte und Ma\u00dfnahmen h\u00e4ngen von Ihrem konkret genutzten Flash-Player ab. Bei Fragen benutzen Sie daher bitte ebenso die Hilfe\u00adfunk\u00adtion oder Dokumen\u00adta\u00adtion Ihres Flash-Players oder wenden sich an den Hersteller bzw. Benutzer-Support.<\/p>\n<p>Sollten Sie die Instal\u00adla\u00adtion der Cookies verhin\u00addern oder einschr\u00e4nken, kann dies aller\u00addings dazu f\u00fchren, dass nicht s\u00e4mtliche Funktionen unseres Inter\u00adnet\u00adauf\u00adtritts vollum\u00adf\u00e4ng\u00adlich nutzbar sind.<\/p>\n<h4>Vertragsabwicklung<\/h4>\n<p>Die von Ihnen zur Inanspruch\u00adnahme unseres Waren- und\/\u200boder Dienst\u00adleis\u00adtungs\u00adan\u00adge\u00adbots \u00fcbermit\u00adtelten Daten werden von uns zum Zwecke der Vertrags\u00adab\u00adwick\u00adlung verar\u00adbeitet und sind insoweit erfor\u00adder\u00adlich. Vertrags\u00adschluss und Vertrags\u00adab\u00adwick\u00adlung sind ohne Bereit\u00adstel\u00adlung Ihrer Daten nicht m\u00f6glich.<\/p>\n<p>Rechts\u00adgrund\u00adlage f\u00fcr die Verar\u00adbei\u00adtung ist Art. 6&nbsp;Abs. 1&nbsp;lit. b)&nbsp;DSGVO.<\/p>\n<p>Wir l\u00f6schen die Daten mit vollst\u00e4n\u00addiger Vertrags\u00adab\u00adwick\u00adlung, m\u00fcssen dabei aber die steuer- und handels\u00adrecht\u00adli\u00adchen Aufbe\u00adwah\u00adrungs\u00adfristen beachten.<\/p>\n<p>Im Rahmen der Vertrags\u00adab\u00adwick\u00adlung geben wir Ihre Daten an das mit der Waren\u00adlie\u00adfe\u00adrung beauf\u00adtragte Trans\u00adport\u00adun\u00adter\u00adnehmen oder an den Finanz\u00addienst\u00adleister weiter, soweit die Weiter\u00adgabe zur Waren\u00adaus\u00adlie\u00adfe\u00adrung oder zu Bezahl\u00adzwe\u00adcken erfor\u00adder\u00adlich&nbsp;ist.<\/p>\n<p>Rechts\u00adgrund\u00adlage f\u00fcr die Weiter\u00adgabe der Daten ist dann Art. 6&nbsp;Abs. 1&nbsp;lit. b)&nbsp;DSGVO.<\/p>\n<h4>Newsletter<\/h4>\n<p>Falls Sie sich f\u00fcr unseren kosten\u00adlosen Newsletter anmelden, werden die von Ihnen hierzu abgefragten Daten, also Ihre E\u2011Mail-Adresse sowie \u2013 optional \u2013 Ihr Name und Ihre Anschrift, an uns \u00fcbermit\u00adtelt. Gleich\u00adzeitig speichern wir die IP-Adresse des Inter\u00adnet\u00adan\u00adschlusses von dem aus Sie auf unseren Inter\u00adnet\u00adauf\u00adtritt zugreifen sowie Datum und Uhrzeit Ihrer Anmel\u00addung. Im Rahmen des weiteren Anmel\u00adde\u00advor\u00adgangs werden wir Ihre Einwil\u00adli\u00adgung in die \u00dcbersen\u00addung des Newslet\u00adters einholen, den Inhalt konkret beschreiben und auf diese Daten\u00adschutz\u00ader\u00adkl\u00e4\u00adrung verwiesen. Die dabei erhobenen Daten verwenden wir ausschlie\u00df\u00adlich f\u00fcr den Newsletter-Versand \u2013 sie werden deshalb insbe\u00adson\u00addere auch nicht an Dritte weitergegeben.<\/p>\n<p>Rechts\u00adgrund\u00adlage hierbei ist Art. 6&nbsp;Abs. 1&nbsp;lit. a)&nbsp;DSGVO.<\/p>\n<p>Die Einwil\u00adli\u00adgung in den Newsletter-Versand k\u00f6nnen Sie gem\u00e4\u00df Art. 7&nbsp;Abs. 3&nbsp;DSGVO jeder\u00adzeit mit Wirkung f\u00fcr die Zukunft wider\u00adrufen. Hierzu m\u00fcssen Sie uns ledig\u00adlich \u00fcber Ihren Widerruf in Kenntnis setzen oder den in jedem Newsletter enthal\u00adtenen Abmel\u00adde\u00adlink bet\u00e4tigen.<\/p>\n<h4>Kontaktanfragen \/\u200bKontaktm\u00f6glichkeit<\/h4>\n<p>Sofern Sie per Kontakt\u00adfor\u00admular oder E\u2011Mail mit uns in Kontakt treten, werden die dabei von Ihnen angege\u00adbenen Daten zur Bearbei\u00adtung Ihrer Anfrage genutzt. Die Angabe der Daten ist zur Bearbei\u00adtung und Beant\u00adwor\u00adtung Ihre Anfrage erfor\u00adder\u00adlich \u2013 ohne deren Bereit\u00adstel\u00adlung k\u00f6nnen wir Ihre Anfrage nicht oder allen\u00adfalls einge\u00adschr\u00e4nkt beantworten.<\/p>\n<p>Rechts\u00adgrund\u00adlage f\u00fcr diese Verar\u00adbei\u00adtung ist Art. 6&nbsp;Abs. 1&nbsp;lit. b)&nbsp;DSGVO.<\/p>\n<p>Ihre Daten werden gel\u00f6scht, sofern Ihre Anfrage abschlie\u00ad\u00dfend beant\u00adwortet worden ist und der L\u00f6schung keine gesetz\u00adli\u00adchen Aufbe\u00adwah\u00adrungs\u00adpflichten entge\u00adgen\u00adstehen, wie bspw. bei einer sich etwaig anschlie\u00ad\u00dfenden Vertragsabwicklung.<\/p>\n<h4>Twitter<\/h4>\n<p>Wir unter\u00adhalten bei Twitter eine Online\u00adpr\u00e4\u00adsenz um unser Unter\u00adnehmen sowie unsere Leistungen zu pr\u00e4sen\u00adtieren und mit Kunden\/\u200bInteressenten zu kommu\u00adni\u00adzieren. Twitter ist ein Service der Twitter Inc., 1355 Market Street, Suite 900, San Francisco, CA 94103, USA.<\/p>\n<p>Insofern weisen wir darauf hin, dass die M\u00f6glich\u00adkeit besteht, dass Daten der Nutzer au\u00dfer\u00adhalb der Europ\u00e4i\u00adschen Union, insbe\u00adson\u00addere in den USA, verar\u00adbeitet werden. Hierdurch k\u00f6nnen gestei\u00adgerte Risiken f\u00fcr die Nutzer insofern bestehen, als dass z.B. der sp\u00e4tere Zugriff auf die Nutzer\u00addaten erschwert werden kann. Auch haben wir keinen Zugriff auf diese Nutzer\u00addaten. Die Zugriffs\u00adm\u00f6g\u00adlich\u00adkeit liegt ausschlie\u00df\u00adlich bei Twitter.<\/p>\n<p>Die Daten\u00adschutz\u00adhin\u00adweise von Twitter finden Sie&nbsp;unter<\/p>\n<p><a href=\"https:\/\/twitter.com\/de\/privacy\" target=\"_blank\" rel=\"noopener\">https:\/\/\u200btwitter\u200b.com\/\u200bd\u200be\u200b\/\u200bp\u200br\u200bi\u200bv\u200bacy<\/a><\/p>\n<h4>LinkedIn<\/h4>\n<p>Wir unter\u00adhalten bei LinkedIn eine Online\u00adpr\u00e4\u00adsenz um unser Unter\u00adnehmen sowie unsere Leistungen zu pr\u00e4sen\u00adtieren und mit Kunden\/\u200bInteressenten zu kommu\u00adni\u00adzieren. LinkedIn ist ein Service der LinkedIn Ireland Unlimited Company, Wilton Plaza, Wilton Place, Dublin 2, Irland, ein Tochter\u00adun\u00adter\u00adnehmen der LinkedIn Corpo\u00adra\u00adtion, 1000&nbsp;W. Maude Avenue, Sunny\u00advale, CA 94085, USA.<\/p>\n<p>Insofern weisen wir darauf hin, dass die M\u00f6glich\u00adkeit besteht, dass Daten der Nutzer au\u00dfer\u00adhalb der Europ\u00e4i\u00adschen Union, insbe\u00adson\u00addere in den USA, verar\u00adbeitet werden. Hierdurch k\u00f6nnen gestei\u00adgerte Risiken f\u00fcr die Nutzer insofern bestehen, als dass z.B. der sp\u00e4tere Zugriff auf die Nutzer\u00addaten erschwert werden kann. Auch haben wir keinen Zugriff auf diese Nutzer\u00addaten. Die Zugriffs\u00adm\u00f6g\u00adlich\u00adkeit liegt ausschlie\u00df\u00adlich bei LinkedIn.<\/p>\n<p>Die Daten\u00adschutz\u00adhin\u00adweise von LinkedIn finden Sie&nbsp;unter<\/p>\n<p><a href=\"https:\/\/www.linkedin.com\/legal\/privacy-policy\" target=\"_blank\" rel=\"noopener\">https:\/\/\u200bwww\u200b.linkedin\u200b.com\/\u200bl\u200be\u200bg\u200ba\u200bl\u200b\/\u200bp\u200br\u200bi\u200bv\u200ba\u200bc\u200by\u200b-\u200bp\u200bo\u200bl\u200bicy<\/a><\/p>\n<h4>Facebook<\/h4>\n<p>Zur Bewer\u00adbung unserer Produkte und Leistungen sowie zur Kommu\u00adni\u00adka\u00adtion mit Inter\u00ades\u00adsenten oder Kunden betreiben wir eine Firmen\u00adpr\u00e4\u00adsenz auf der Platt\u00adform Facebook.<\/p>\n<p>Auf dieser Social-Media-Platt\u00adform sind wir gemeinsam mit der Facebook Ireland Ltd., 4&nbsp;Grand Canal Square, Grand Canal Harbour, Dublin 2&nbsp;Ireland, verantwortlich.<\/p>\n<p>Der Daten\u00adschutz\u00adbe\u00adauf\u00adtragte von Facebook kann \u00fcber ein Kontakt\u00adfor\u00admular erreicht werden:<\/p>\n<p><a href=\"https:\/\/www.facebook.com\/help\/contact\/540977946302970\" target=\"_blank\" rel=\"noopener\" aria-invalid=\"true\">https:\/\/\u200bwww\u200b.facebook\u200b.com\/\u200bh\u200be\u200bl\u200bp\u200b\/\u200bc\u200bo\u200bn\u200bt\u200ba\u200bc\u200bt\u200b\/\u200b5\u200b4\u200b0\u200b9\u200b7\u200b7\u200b9\u200b4\u200b6\u200b3\u200b0\u200b2\u200b970<\/a><\/p>\n<p>Die gemein\u00adsame Verant\u00adwort\u00adlich\u00adkeit haben wir in einer Verein\u00adba\u00adrung bez\u00fcg\u00adlich der jewei\u00adligen Verpflich\u00adtungen im Sinne der DSGVO geregelt. Diese Verein\u00adba\u00adrung, aus der sich die gegen\u00adsei\u00adtigen Verpflich\u00adtungen ergeben, ist unter dem folgenden Link abrufbar:<\/p>\n<p><a href=\"https:\/\/www.facebook.com\/legal\/terms\/page_controller_addendum\" target=\"_blank\" rel=\"noopener\">https:\/\/\u200bwww\u200b.facebook\u200b.com\/\u200bl\u200be\u200bg\u200ba\u200bl\u200b\/\u200bt\u200be\u200br\u200bm\u200bs\u200b\/\u200bp\u200ba\u200bg\u200be\u200b_\u200bc\u200bo\u200bn\u200bt\u200br\u200bo\u200bl\u200bl\u200be\u200br\u200b_\u200ba\u200bd\u200bd\u200be\u200bn\u200bdum<\/a><\/p>\n<p>Rechts\u00adgrund\u00adlage f\u00fcr die dadurch erfol\u00adgende und nachfol\u00adgend wieder\u00adge\u00adge\u00adbene Verar\u00adbei\u00adtung von perso\u00adnen\u00adbe\u00adzo\u00adgenen Daten ist Art. 6&nbsp;Abs. 1&nbsp;lit. f&nbsp;DSGVO. Unser berech\u00adtigtes Inter\u00adesse besteht an der Analyse, der Kommu\u00adni\u00adka\u00adtion sowie dem Absatz und der Bewer\u00adbung unserer Produkte und Leistungen.<\/p>\n<p>Rechts\u00adgrund\u00adlage kann auch eine Einwil\u00adli\u00adgung des Nutzers gem\u00e4\u00df Art. 6&nbsp;Abs. 1&nbsp;lit. a&nbsp;DSGVO gegen\u00ad\u00fcber dem Platt\u00adform\u00adbe\u00adtreiber sein. Die Einwil\u00adli\u00adgung hierzu kann der Nutzer nach Art. 7&nbsp;Abs. 3&nbsp;DSGVO jeder\u00adzeit durch eine Mittei\u00adlung an den Platt\u00adform\u00adbe\u00adtreiber f\u00fcr die Zukunft widerrufen.<\/p>\n<p>Bei dem Aufruf unseres Online\u00adauf\u00adtritts auf der Platt\u00adform Facebook werden von der Facebook Ireland Ltd. als Betrei\u00adberin der Platt\u00adform in der EU Daten des Nutzers (z.B. pers\u00f6n\u00adliche Infor\u00adma\u00adtionen, IP-Adresse etc.) verarbeitet.<\/p>\n<p>Diese Daten des Nutzers dienen zu statis\u00adti\u00adschen Infor\u00adma\u00adtionen \u00fcber die Inanspruch\u00adnahme unserer Firmen\u00adpr\u00e4\u00adsenz auf Facebook. Die Facebook Ireland Ltd. nutzt diese Daten zu Markt\u00adfor\u00adschungs- und Werbe\u00adzwe\u00adcken sowie zur Erstel\u00adlung von Profilen der Nutzer. Anhand dieser Profile ist es der Facebook Ireland Ltd. beispiels\u00adweise m\u00f6glich, die Nutzer inner\u00adhalb und au\u00dfer\u00adhalb von Facebook inter\u00ades\u00adsen\u00adbe\u00adzogen zu bewerben. Ist der Nutzer zum Zeitpunkt des Aufrufes in seinem Account auf Facebook einge\u00adloggt, kann die Facebook Ireland Ltd. zudem die Daten mit dem jewei\u00adligen Nutzer\u00adkonto verkn\u00fcpfen.<\/p>\n<p>Im Falle einer Kontakt\u00adauf\u00adnahme des Nutzers \u00fcber Facebook werden die bei dieser Gelegen\u00adheit einge\u00adge\u00adbenen perso\u00adnen\u00adbe\u00adzo\u00adgenen Daten des Nutzers zur Bearbei\u00adtung der Anfrage genutzt. Die Daten des Nutzers werden bei uns gel\u00f6scht, sofern die Anfrage des Nutzers abschlie\u00ad\u00dfend beant\u00adwortet wurde und keine gesetz\u00adli\u00adchen Aufbe\u00adwah\u00adrungs\u00adpflichten, wie z.B. bei einer anschlie\u00ad\u00dfenden Vertrags\u00adab\u00adwick\u00adlung, entgegenstehen.<\/p>\n<p>Zur Verar\u00adbei\u00adtung der Daten werden von der Facebook Ireland Ltd. ggf. auch Cookies gesetzt.<\/p>\n<p>Sollte der Nutzer mit dieser Verar\u00adbei\u00adtung nicht einver\u00adstanden sein, so besteht die M\u00f6glich\u00adkeit, die Instal\u00adla\u00adtion der Cookies durch eine entspre\u00adchende Einstel\u00adlung des Browsers zu verhin\u00addern. Bereits gespei\u00adcherte Cookies k\u00f6nnen ebenfalls jeder\u00adzeit gel\u00f6scht werden. Die Einstel\u00adlungen hierzu sind vom jewei\u00adligen Browser abh\u00e4ngig. Bei Flash-Cookies l\u00e4sst sich die Verar\u00adbei\u00adtung nicht \u00fcber die Einstel\u00adlungen des Browsers unter\u00adbinden, sondern durch die entspre\u00adchende Einstel\u00adlung des Flash-Players. Sollte der Nutzer die Instal\u00adla\u00adtion der Cookies verhin\u00addern oder einschr\u00e4nken, kann dies dazu f\u00fchren, dass nicht s\u00e4mtliche Funktionen von Facebook vollum\u00adf\u00e4ng\u00adlich nutzbar sind.<\/p>\n<p>N\u00e4heres zu den Verar\u00adbei\u00adtungs\u00adt\u00e4\u00adtig\u00adkeiten, deren Unter\u00adbin\u00addung und zur L\u00f6schung der von Facebook verar\u00adbei\u00adteten Daten finden sich in der Daten\u00adricht\u00adlinie von Facebook:<\/p>\n<p><a href=\"https:\/\/www.facebook.com\/privacy\/explanation\" target=\"_blank\" rel=\"noopener\">https:\/\/\u200bwww\u200b.facebook\u200b.com\/\u200bp\u200br\u200bi\u200bv\u200ba\u200bc\u200by\u200b\/\u200be\u200bx\u200bp\u200bl\u200ba\u200bn\u200ba\u200bt\u200bion<\/a><\/p>\n<p>Es ist nicht ausge\u00adschlossen, dass die Verar\u00adbei\u00adtung durch die Facebook Ireland Ltd. auch \u00fcber die Facebook Inc., 1601 Willow Road, Menlo Park, California 94025&nbsp;in den USA erfolgt.<\/p>\n<h3>Verlinkung Social-Media \u00fcber Grafik oder Textlink<\/h3>\n<p>Wir bewerben auf unserer Webseite auch Pr\u00e4senzen auf den nachste\u00adhend aufge\u00adf\u00fchrten sozialen Netzwerken. Die Einbin\u00addung erfolgt dabei \u00fcber eine verlinkte Grafik des jewei\u00adligen Netzwerks. Durch den Einsatz dieser verlinkten Grafik wird verhin\u00addert, dass es bei dem Aufruf einer Website, die \u00fcber eine Social-Media-Bewer\u00adbung verf\u00fcgt, automa\u00adtisch zu einem Verbin\u00addungs\u00adaufbau zum jewei\u00adligen Server des sozialen Netzwerks kommt, um eine Grafik des jewei\u00adligen Netzwerkes selbst darzu\u00adstellen. Erst durch einen Klick auf die entspre\u00adchende Grafik wird der Nutzer zu dem Dienst des jewei\u00adligen sozialen Netzwerks weitergeleitet.<\/p>\n<p>Nach der Weiter\u00adlei\u00adtung des Nutzers werden durch das jewei\u00adlige Netzwerk Infor\u00adma\u00adtionen \u00fcber den Nutzer erfasst. Es kann hierbei nicht ausge\u00adschlossen werden, dass eine Verar\u00adbei\u00adtung der so erhobenen&nbsp;Daten in den USA stattfindet.<\/p>\n<p>Dies sind zun\u00e4chst Daten wie IP-Adresse, Datum, Uhrzeit und besuchte Seite. Ist der Nutzer w\u00e4hrend\u00addessen in seinem Benut\u00adzer\u00adkonto des jewei\u00adligen Netzwerks einge\u00adloggt, kann der Netzwerk-Betreiber ggf. die gesam\u00admelten Infor\u00adma\u00adtionen des konkreten Besuchs des Nutzers dem pers\u00f6n\u00adli\u00adchen Account des Nutzers zuordnen. Inter\u00adagiert der Nutzer \u00fcber einen \u201eTeilen\u201c-Button des jewei\u00adligen Netzwerks, k\u00f6nnen diese Infor\u00adma\u00adtionen in dem pers\u00f6n\u00adli\u00adchen Benut\u00adzer\u00adkonto des Nutzers gespei\u00adchert und ggf. ver\u00f6f\u00adfent\u00adlicht werden. Will der Nutzer verhin\u00addern, dass die gesam\u00admelten Infor\u00adma\u00adtionen unmit\u00adtelbar seinem Benut\u00adzer\u00adkonto zugeordnet werden, muss er sich vor dem Ankli\u00adcken der Grafik ausloggen. Zudem besteht die M\u00f6glich\u00adkeit, das jewei\u00adlige Benut\u00adzer\u00adkonto entspre\u00adchend zu konfigurieren.<\/p>\n<p>Folgende soziale Netzwerke werden in unsere Seite durch Verlin\u00adkung eingebunden:<\/p>\n<h4>facebook<\/h4>\n<p>Facebook Ireland Limited, 4&nbsp;Grand Canal Square, Dublin 2, Ireland, ein Tochter\u00adun\u00adter\u00adnehmen der Facebook Inc., 1601&nbsp;S. California Ave., Palo Alto, CA 94304, USA.<\/p>\n<p>Daten\u00adschutz\u00ader\u00adkl\u00e4\u00adrung: <a href=\"https:\/\/www.facebook.com\/policy.php\" target=\"_blank\" rel=\"noopener\">https:\/\/\u200bwww\u200b.facebook\u200b.com\/\u200bp\u200bo\u200bl\u200bi\u200bc\u200by\u200b.\u200bphp<\/a><\/p>\n<h4>twitter<\/h4>\n<p>Twitter Inc., 795 Folsom St., Suite 600, San Francisco, CA 94107, USA<\/p>\n<p>Daten\u00adschutz\u00ader\u00adkl\u00e4\u00adrung: <a href=\"https:\/\/twitter.com\/privacy\" target=\"_blank\" rel=\"noopener\">https:\/\/\u200btwitter\u200b.com\/\u200bp\u200br\u200bi\u200bv\u200bacy<\/a><\/p>\n<h4>LinkedIn<\/h4>\n<p>LinkedIn Ireland Unlimited Company, Wilton Plaza, Wilton Place, Dublin 2, Irland, ein Tochter\u00adun\u00adter\u00adnehmen der LinkedIn Corpo\u00adra\u00adtion, 1000&nbsp;W. Maude Avenue, Sunny\u00advale, CA 94085&nbsp;USA.<\/p>\n<p>Daten\u00adschutz\u00ader\u00adkl\u00e4\u00adrung: <a href=\"https:\/\/www.linkedin.com\/legal\/privacy-policy\" target=\"_blank\" rel=\"noopener\">https:\/\/\u200bwww\u200b.linkedin\u200b.com\/\u200bl\u200be\u200bg\u200ba\u200bl\u200b\/\u200bp\u200br\u200bi\u200bv\u200ba\u200bc\u200by\u200b-\u200bp\u200bo\u200bl\u200bicy<\/a><\/p>\n<h4>\u201eFacebook\u201c-Social-Plug-in<\/h4>\n<p>In unserem Inter\u00adnet\u00adauf\u00adtritt setzen wir das Plug-in des Social-Networks Facebook ein. Bei Facebook handelt es sich um einen Inter\u00adnet\u00adser\u00advice der facebook Inc., 1601&nbsp;S. California Ave, Palo Alto, CA 94304, USA. In der EU wird dieser Service wiederum von der Facebook Ireland Limited, 4&nbsp;Grand Canal Square, Dublin 2, Irland, betrieben, nachfol\u00adgend beide nur \u201eFacebook\u201c genannt.<\/p>\n<p>Rechts\u00adgrund\u00adlage ist Art. 6&nbsp;Abs. 1&nbsp;lit. f) DSGVO. Unser berech\u00adtigtes Inter\u00adesse liegt in der Quali\u00adt\u00e4ts\u00adver\u00adbes\u00adse\u00adrung unseres Internetauftritts.<\/p>\n<p>Weiter\u00adge\u00adhende Infor\u00adma\u00adtionen \u00fcber die m\u00f6gli\u00adchen Plug-ins sowie \u00fcber deren jewei\u00adlige Funktionen h\u00e4lt Facebook unter<\/p>\n<p><a href=\"https:\/\/developers.facebook.com\/docs\/plugins\/\" target=\"_blank\" rel=\"noopener\">https:\/\/\u200bdevelo\u200bpers\u200b.facebook\u200b.com\/\u200bd\u200bo\u200bc\u200bs\u200b\/\u200bp\u200bl\u200bu\u200bg\u200bi\u200bns\/<\/a><\/p>\n<p>f\u00fcr Sie bereit.<\/p>\n<p>Sofern das Plug-in auf einer der von Ihnen besuchten Seiten unseres Inter\u00adnet\u00adauf\u00adtritts hinter\u00adlegt ist, l\u00e4dt Ihr Internet-Browser eine Darstel\u00adlung des Plug-ins von den Servern von Facebook in den USA herunter. Aus techni\u00adschen Gr\u00fcnden ist es dabei notwendig, dass Facebook Ihre IP-Adresse verar\u00adbeitet. Daneben werden aber auch Datum und Uhrzeit des Besuchs unserer Inter\u00adnet\u00adseiten erfasst.<\/p>\n<p>Sollten Sie bei Facebook einge\u00adloggt sein, w\u00e4hrend Sie eine unserer mit dem Plug-in verse\u00adhenen Inter\u00adnet\u00adseite besuchen, werden die durch das Plug-in gesam\u00admelten Infor\u00adma\u00adtionen Ihres konkreten Besuchs von Facebook erkannt. Die so gesam\u00admelten Infor\u00adma\u00adtionen weist Facebook wom\u00f6g\u00adlich Ihrem dortigen pers\u00f6n\u00adli\u00adchen Nutzer\u00adkonto zu. Sofern Sie also bspw. den sog. \u201eGef\u00e4llt mir\u201c-Button von Facebook benutzen, werden diese Infor\u00adma\u00adtionen in Ihrem Facebook-Nutzer\u00adkonto gespei\u00adchert und ggf. \u00fcber die Platt\u00adform von Facebook ver\u00f6f\u00adfent\u00adlicht. Wenn Sie das verhin\u00addern m\u00f6chten, m\u00fcssen Sie sich entweder vor dem Besuch unseres Inter\u00adnet\u00adauf\u00adtritts bei Facebook ausloggen oder durch den Einsatz eines Add-ons f\u00fcr Ihren Inter\u00adnet\u00adbrowser verhin\u00addern, dass das Laden des Facebook-Plug-in blockiert wird.<\/p>\n<p>Weiter\u00adge\u00adhende Infor\u00adma\u00adtionen \u00fcber die Erhebung und Nutzung von Daten sowie Ihre diesbe\u00adz\u00fcg\u00adli\u00adchen Rechte und Schutz\u00adm\u00f6g\u00adlich\u00adkeiten h\u00e4lt Facebook in den&nbsp;unter<\/p>\n<p><a href=\"https:\/\/www.facebook.com\/policy.php\" target=\"_blank\" rel=\"noopener\">https:\/\/\u200bwww\u200b.facebook\u200b.com\/\u200bp\u200bo\u200bl\u200bi\u200bc\u200by\u200b.\u200bphp<\/a><\/p>\n<p>abruf\u00adbaren Daten\u00adschutz\u00adhin\u00adweisen bereit.<\/p>\n<h4>\u201eTwitter\u201c-Social-Plug-in<\/h4>\n<p>In unserem Inter\u00adnet\u00adauf\u00adtritt setzen wir das Plug-in des Social-Networks Twitter ein. Bei Twitter handelt es sich um einen Inter\u00adnet\u00adser\u00advice der Twitter Inc., 795 Folsom St., Suite 600, San Francisco, CA 94107, USA, nachfol\u00adgend nur \u201eTwitter\u201c genannt.<\/p>\n<p>Rechts\u00adgrund\u00adlage ist Art. 6&nbsp;Abs. 1&nbsp;lit. f) DSGVO. Unser berech\u00adtigtes Inter\u00adesse liegt in der Quali\u00adt\u00e4ts\u00adver\u00adbes\u00adse\u00adrung unseres Internetauftritts.<\/p>\n<p>Sofern das Plug-in auf einer der von Ihnen besuchten Seiten unseres Inter\u00adnet\u00adauf\u00adtritts hinter\u00adlegt ist, l\u00e4dt Ihr Internet-Browser eine Darstel\u00adlung des Plug-ins von den Servern von Twitter in den USA herunter. Aus techni\u00adschen Gr\u00fcnden ist es dabei notwendig, dass Twitter Ihre IP-Adresse verar\u00adbeitet. Daneben werden aber auch Datum und Uhrzeit des Besuchs unserer Inter\u00adnet\u00adseiten erfasst.<\/p>\n<p>Sollten Sie bei Twitter einge\u00adloggt sein, w\u00e4hrend Sie eine unserer mit dem Plug-in verse\u00adhenen Inter\u00adnet\u00adseite besuchen, werden die durch das Plug-in gesam\u00admelten Infor\u00adma\u00adtionen Ihres konkreten Besuchs von Twitter erkannt. Die so gesam\u00admelten Infor\u00adma\u00adtionen weist Twitter wom\u00f6g\u00adlich Ihrem dortigen pers\u00f6n\u00adli\u00adchen Nutzer\u00adkonto zu. Sofern Sie also bspw. den sog. \u201eTeilen\u201c-Button von Twitter benutzen, werden diese Infor\u00adma\u00adtionen in Ihrem Twitter-Nutzer\u00adkonto gespei\u00adchert und ggf. \u00fcber die Platt\u00adform von Twitter ver\u00f6f\u00adfent\u00adlicht. Wenn Sie das verhin\u00addern m\u00f6chten, m\u00fcssen Sie sich entweder vor dem Besuch unseres Inter\u00adnet\u00adauf\u00adtritts bei Twitter ausloggen oder die entspre\u00adchenden Einstel\u00adlungen in Ihrem Twitter-Benut\u00adzer\u00adkonto vornehmen.<\/p>\n<p>Weiter\u00adge\u00adhende Infor\u00adma\u00adtionen \u00fcber die Erhebung und Nutzung von Daten sowie Ihre diesbe\u00adz\u00fcg\u00adli\u00adchen Rechte und Schutz\u00adm\u00f6g\u00adlich\u00adkeiten h\u00e4lt Twitter in den&nbsp;unter<\/p>\n<p><a href=\"https:\/\/twitter.com\/privacy\" target=\"_blank\" rel=\"noopener\">https:\/\/\u200btwitter\u200b.com\/\u200bp\u200br\u200bi\u200bv\u200bacy<\/a><\/p>\n<p>abruf\u00adbaren Daten\u00adschutz\u00adhin\u00adweisen bereit.<\/p>\n<h4>Google Analytics<\/h4>\n<p>In unserem Inter\u00adnet\u00adauf\u00adtritt setzen wir Google Analy\u00adtics ein. Hierbei handelt es sich um einen Webana\u00adly\u00adse\u00addienst der Google Ireland Limited, Gordon House, Barrow Street, Dublin 4, Irland, nachfol\u00adgend nur \u201eGoogle\u201c genannt.<\/p>\n<p>Der Dienst Google Analy\u00adtics dient zur Analyse des Nutzungs\u00adver\u00adhal\u00adtens unseres Inter\u00adnet\u00adauf\u00adtritts. Rechts\u00adgrund\u00adlage ist Art. 6&nbsp;Abs. 1&nbsp;lit. f) DSGVO. Unser berech\u00adtigtes Inter\u00adesse liegt in der Analyse, Optimie\u00adrung und dem wirtschaft\u00adli\u00adchen Betrieb unseres Internetauftritts.<\/p>\n<p>Nutzungs- und nutzer\u00adbe\u00adzo\u00adgene Infor\u00adma\u00adtionen, wie bspw. IP-Adresse, Ort, Zeit oder H\u00e4ufig\u00adkeit des Besuchs unseres Inter\u00adnet\u00adauf\u00adtritts, werden dabei an einen Server von Google in den USA \u00fcbertragen und dort gespei\u00adchert. Aller\u00addings nutzen wir Google Analy\u00adtics mit der sog. Anony\u00admi\u00adsie\u00adrungs\u00adfunk\u00adtion. Durch diese Funktion k\u00fcrzt Google die IP-Adresse schon inner\u00adhalb der EU bzw. des&nbsp;EWR.<\/p>\n<p>Die so erhobenen Daten werden wiederum von Google genutzt, um uns eine Auswer\u00adtung \u00fcber den Besuch unseres Inter\u00adnet\u00adauf\u00adtritts sowie \u00fcber die dortigen Nutzungs\u00adak\u00adti\u00advi\u00adt\u00e4ten zur Verf\u00fc\u00adgung zu stellen. Auch k\u00f6nnen diese Daten genutzt werden, um weitere Dienst\u00adleis\u00adtungen zu erbringen, die mit der Nutzung unseres Inter\u00adnet\u00adauf\u00adtritts und der Nutzung des Inter\u00adnets zusammenh\u00e4ngen.<\/p>\n<p>Google gibt an, Ihre IP-Adresse nicht mit anderen Daten zu verbinden. Zudem h\u00e4lt Google unter<\/p>\n<p><a href=\"https:\/\/www.google.com\/intl\/de\/policies\/privacy\/partners\" target=\"_blank\" rel=\"noopener\">https:\/\/\u200bwww\u200b.google\u200b.com\/\u200bi\u200bn\u200bt\u200bl\u200b\/\u200bd\u200be\u200b\/\u200bp\u200bo\u200bl\u200bi\u200bc\u200bi\u200be\u200bs\u200b\/\u200bp\u200br\u200bi\u200bv\u200ba\u200bc\u200by\u200b\/\u200bp\u200ba\u200br\u200bt\u200bn\u200bers<\/a><\/p>\n<p>weitere daten\u00adschutz\u00adrecht\u00adliche Infor\u00adma\u00adtionen f\u00fcr Sie bereit, so bspw. auch zu den M\u00f6glich\u00adkeiten, die Daten\u00adnut\u00adzung zu unterbinden.<\/p>\n<p>Zudem bietet Google unter<\/p>\n<p><a href=\"https:\/\/tools.google.com\/dlpage\/gaoptout?hl=de\" target=\"_blank\" rel=\"noopener\">https:\/\/\u200btools\u200b.google\u200b.com\/\u200bd\u200bl\u200bp\u200ba\u200bg\u200be\u200b\/\u200bg\u200ba\u200bo\u200bp\u200bt\u200bo\u200bu\u200bt\u200b?\u200bh\u200bl\u200b=de<\/a><\/p>\n<p>ein sog. Deakti\u00advie\u00adrungs-Add-on nebst weiteren Infor\u00adma\u00adtionen hierzu an. Dieses Add-on l\u00e4sst sich mit den g\u00e4ngigen Internet-Browsern instal\u00adlieren und bietet Ihnen weiter\u00adge\u00adhende Kontroll\u00adm\u00f6g\u00adlich\u00adkeit \u00fcber die Daten, die Google bei Aufruf unseres Inter\u00adnet\u00adauf\u00adtritts erfasst. Dabei teilt das Add-on dem JavaScript (ga.js) von Google Analy\u00adtics mit, dass Infor\u00adma\u00adtionen zum Besuch unseres Inter\u00adnet\u00adauf\u00adtritts nicht an Google Analy\u00adtics \u00fcbermit\u00adtelt werden sollen. Dies verhin\u00addert aber nicht, dass Infor\u00adma\u00adtionen an uns oder an andere Webana\u00adly\u00adse\u00addienste \u00fcbermit\u00adtelt werden. Ob und welche weiteren Webana\u00adly\u00adse\u00addienste von uns einge\u00adsetzt werden, erfahren Sie nat\u00fcr\u00adlich ebenfalls in dieser Datenschutzerkl\u00e4rung.<\/p>\n<h4>IONOS WebAnalytics<\/h4>\n<p>In unserem Inter\u00adnet\u00adauf\u00adtritt setzen wir WebAna\u00adly\u00adtics ein. Hierbei handelt es sich um einen Analyse-Dienst der 1&amp;1 IONOS SE, Elgen\u00addorfer Str. 57, 56410 Monta\u00adbaur, Deutsch\u00adland, nachfol\u00adgend nur \u201eWebAna\u00adly\u00adtics\u201c genannt, mit dem wir die Benut\u00adzung unseres Inter\u00adnet\u00adauf\u00adtritts analy\u00adsieren k\u00f6nnen.<\/p>\n<p>Zur Analyse werden anhand eines Pixels oder \u00fcber die Logfiles in unserem Auftrag Daten \u00fcber Typ und Version Ihres Inter\u00adnet\u00adbrow\u00adsers, Ihr Betriebs\u00adsystem, der Typ Ihres Endge\u00adr\u00e4tes, die Website, von der aus Sie auf unseren Inter\u00adnet\u00adauf\u00adtritt gewech\u00adselt haben (Referrer URL), die Website(s) unseres Inter\u00adnet\u00adauf\u00adtritts, die Sie besuchen, oder die Dateien, die Sie anfor\u00addern, Datum und Uhrzeit des jewei\u00adligen Zugriffs sowie die anony\u00admi\u00adsierte IP-Adresse des Inter\u00adnet\u00adan\u00adschlusses, von dem aus die Nutzung unseres Inter\u00adnet\u00adauf\u00adtritts erfolgt, erhoben.<\/p>\n<p>Rechts\u00adgrund\u00adlage ist Art. 6&nbsp;Abs. 1&nbsp;lit. f) DSGVO. Unser berech\u00adtigtes Inter\u00adesse liegt in der Analyse, Optimie\u00adrung, Verbes\u00adse\u00adrung sowie in dem wirtschaft\u00adli\u00adchen Betrieb unseres Internetauftritts.<\/p>\n<h4>Jetpack \u2013 WordPress Stats<\/h4>\n<p>In unserem Inter\u00adnet\u00adauf\u00adtritt setzen wir Jetpack mit der Erwei\u00adte\u00adrung \u201eWordPress Stats\u201c ein. Hierbei handelt es sich um einen Webana\u00adly\u00adse\u00addienst der Automattic Inc., 132 Hawthorne Street, San Francisco, CA 94107, USA, nachfol\u00adgend nur \u201eAutomattic\u201c genannt.<\/p>\n<p>Der Dienst Jetpack \u2013 WordPress Stats dient zur Analyse des Nutzungs\u00adver\u00adhal\u00adtens unseres Inter\u00adnet\u00adauf\u00adtritts. Rechts\u00adgrund\u00adlage ist Art. 6&nbsp;Abs. 1&nbsp;lit. f) DSGVO. Unser berech\u00adtigtes Inter\u00adesse liegt in der Analyse, Optimie\u00adrung und dem wirtschaft\u00adli\u00adchen Betrieb unseres Internetauftritts.<\/p>\n<p>Zur Analyse des Nutzungs\u00adver\u00adhal\u00adtens speichert Jetpack \u2013 WordPress Stats Cookies \u00fcber Ihren Internet-Browser auf Ihrem Endger\u00e4t.<\/p>\n<p>Bei der Verar\u00adbei\u00adtung werden Ihre IP-Adresse, die Website(s) unseres Inter\u00adnet\u00adauf\u00adtritts, die Sie besuchen, die Website, von der aus Sie auf unseren Inter\u00adnet\u00adauf\u00adtritt gewech\u00adselt haben (Referrer URL), Ihre Verweil\u00addauer auf unserem Inter\u00adnet\u00adauf\u00adtritt sowie die H\u00e4ufig\u00adkeit des Aufrufs einer unserer Websites erfasst. Die dabei erhobenen Daten werden auf einem Server von Automattic in den USA gespei\u00adchert. Ihre IP-Adresse wird aller\u00addings unver\u00adz\u00fcg\u00adlich nach der Verar\u00adbei\u00adtung und noch vor ihrer Speiche\u00adrung anonymisiert.<\/p>\n<p>Falls Sie mit dieser Verar\u00adbei\u00adtung nicht einver\u00adstanden sind, haben Sie die M\u00f6glich\u00adkeit, die Speiche\u00adrung des Cookies durch eine Einstel\u00adlung in Ihrem Internet-Browsers zu verhin\u00addern. N\u00e4here Infor\u00adma\u00adtionen hierzu finden Sie vorste\u00adhend unter \u201eCookies\u201c.<\/p>\n<h4>Google Fonts<\/h4>\n<p>In unserem Inter\u00adnet\u00adauf\u00adtritt setzen wir Google Fonts zur Darstel\u00adlung externer Schrift\u00adarten ein. Es handelt sich hierbei um einen Dienst der Google Ireland Limited, Gordon House, Barrow Street, Dublin 4, Irland, nachfol\u00adgend nur \u201eGoogle\u201c genannt.<\/p>\n<p>Um die Darstel\u00adlung bestimmter Schriften in unserem Inter\u00adnet\u00adauf\u00adtritt zu erm\u00f6g\u00adli\u00adchen, wird bei Aufruf unseres Inter\u00adnet\u00adauf\u00adtritts eine Verbin\u00addung zu dem Google-Server in den USA aufgebaut.<\/p>\n<p>Rechts\u00adgrund\u00adlage ist Art. 6&nbsp;Abs. 1&nbsp;lit. f) DSGVO. Unser berech\u00adtigtes Inter\u00adesse liegt in der Optimie\u00adrung und dem wirtschaft\u00adli\u00adchen Betrieb unseres Internetauftritts.<\/p>\n<p>Durch die bei Aufruf unseres Inter\u00adnet\u00adauf\u00adtritts herge\u00adstellte Verbin\u00addung zu Google kann Google ermit\u00adteln, von welcher Website Ihre Anfrage gesendet worden ist und an welche IP-Adresse die Darstel\u00adlung der Schrift zu \u00fcbermit\u00adteln&nbsp;ist.<\/p>\n<p>Google bietet unter<\/p>\n<p><a href=\"https:\/\/adssettings.google.com\/authenticated\" target=\"_blank\" rel=\"noopener\">https:\/\/\u200badsset\u200btings\u200b.google\u200b.com\/\u200ba\u200bu\u200bt\u200bh\u200be\u200bn\u200bt\u200bi\u200bc\u200ba\u200bted<\/a><\/p>\n<p><a href=\"https:\/\/policies.google.com\/privacy\" target=\"_blank\" rel=\"noopener\">https:\/\/\u200bpolicies\u200b.google\u200b.com\/\u200bp\u200br\u200bi\u200bv\u200bacy<\/a><\/p>\n<p>weitere Infor\u00adma\u00adtionen an und zwar insbe\u00adson\u00addere zu den M\u00f6glich\u00adkeiten der Unter\u00adbin\u00addung der Datennutzung.<\/p>\n<h4>CloudFlare<\/h4>\n<p>Zur Absiche\u00adrung unseres Inter\u00adnet\u00adauf\u00adtritts sowie zur Optimie\u00adrung der Ladezeiten setzen wir den Dienst Cloud\u00adFlare als sog. CDN (Content-Delivery-Network) ein. Es handelt sich hierbei um einen Dienst der Cloud\u00adflare Inc., 101 Townsend Street, San Francisco, California 94107, USA, nachfol\u00adgend nur \u201eCloud\u00adFlare\u201c genannt.<\/p>\n<p>Rechts\u00adgrund\u00adlage ist Art. 6&nbsp;Abs. 1&nbsp;lit. f) DSGVO. Unser berech\u00adtigtes Inter\u00adesse liegt in dem sicheren Betrieb unseres Inter\u00adnet\u00adauf\u00adtritts sowie in dessen Optimierung.<\/p>\n<p>Sofern Sie unseren Inter\u00adnet\u00adauf\u00adtritt aufrufen, werden Ihre Anfragen \u00fcber den Server von Cloud\u00adFlare geleitet. Hierbei werden statis\u00adti\u00adsche Zugriffs\u00addaten \u00fcber den Besuch unseres Inter\u00adnet\u00adauf\u00adtritts erhoben und durch Cloud\u00adFlare ein Cookie \u00fcber Ihren Internet-Browser auf Ihrem Endger\u00e4t gespei\u00adchert. Zu den Zugriffs\u00addaten z\u00e4hlen<\/p>\n<p>- Ihre IP-Adresse,<\/p>\n<p>- die von Ihnen aufgerufene(n) Internetseite(n) unseres Internetauftritts,<\/p>\n<p>- Typ und Version des von Ihnen genutzten Internet \u2013 Browsers,<\/p>\n<p>- das von Ihnen genutzte Betriebssystem,<\/p>\n<p>- die Inter\u00adnet\u00adseite, von der sie auf unseren Inter\u00adnet\u00adauf\u00adtritt gewech\u00adselt haben (Referrer- URL),<\/p>\n<p>- Ihre Verweil\u00addauer auf unserem Inter\u00adnet\u00adauf\u00adtritt&nbsp;und<\/p>\n<p>- die H\u00e4ufig\u00adkeit des Aufrufs unserer Internetseiten.<\/p>\n<p>Die Daten werden durch Cloud\u00adFlare zum Zwecke statis\u00adti\u00adscher Auswer\u00adtungen der Zugriffe sowie zur Sicher\u00adheit und Optimie\u00adrung des Angebots verwendet.<\/p>\n<p>Sofern Sie mit dieser Verar\u00adbei\u00adtung nicht einver\u00adstanden sind, haben Sie die M\u00f6glich\u00adkeit, die Instal\u00adla\u00adtion der Cookies durch die entspre\u00adchenden Einstel\u00adlungen in Ihrem Internet-Browser zu verhin\u00addern. Einzel\u00adheiten hierzu finden Sie vorste\u00adhend unter dem Punkt \u201eCookies\u201c.<\/p>\n<p>Cloud\u00adFlare bietet unter<\/p>\n<p><a href=\"https:\/\/www.cloudflare.com\/privacypolicy\/\" target=\"_blank\" rel=\"noopener\">https:\/\/\u200bwww\u200b.cloud\u200bflare\u200b.com\/\u200bp\u200br\u200bi\u200bv\u200ba\u200bc\u200by\u200bp\u200bo\u200bl\u200bi\u200bcy\/<\/a><\/p>\n<p>weitere Infor\u00adma\u00adtionen zur Erhebung und Nutzung der Daten sowie zu Ihren Rechten und M\u00f6glich\u00adkeiten zum Schutz Ihrer Privat\u00adsph\u00e4re an.<\/p>\n<p><a href=\"https:\/\/www.ratgeberrecht.eu\/leistungen\/muster-datenschutzerklaerung.html\" target=\"_blank\" rel=\"noopener\">Muster-Daten\u00adschutz\u00ader\u00adkl\u00e4\u00adrung<\/a> der <a href=\"https:\/\/www.ratgeberrecht.eu\/datenschutz\/datenschutzerklaerung-generator-dsgvo.html\" target=\"_blank\" rel=\"noopener\">Anwalts\u00adkanzlei Wei\u00df &amp;&nbsp;Partner<\/a><\/p>\n","protected":false},"excerpt":{"rendered":"<p>Daten\u00adschutz\u00ader\u00adkl\u00e4\u00adrung: Daten\u00adschutz Perso\u00adnen\u00adbe\u00adzo\u00adgene Daten (nachfol\u00adgend zumeist nur \u201eDaten\u201c genannt) werden von uns nur im Rahmen der Erfor\u00adder\u00adlich\u00adkeit sowie zum Zwecke der Bereit\u00adstel\u00adlung eines funkti\u00adons\u00adf\u00e4\u00adhigen und nutzer\u00adfreund\u00adli\u00adchen Inter\u00adnet\u00adauf\u00adtritts, inklu\u00adsive seiner Inhalte und der dort angebo\u00adtenen Leistungen, verar\u00adbeitet. Gem\u00e4\u00df Art. 4&nbsp;Ziffer 1. der Verord\u00adnung (EU) 2016\u2044679, also der Daten\u00ad\u00ad\u00adschutz-Grund\u00ad\u00adver\u00ad\u00ador\u00add\u00ad\u00adnung (nachfol\u00adgend nur \u201eDSGVO\u201c genannt), gilt als \u201eVerar\u00adbei\u00adtung\u201c jeder \u2026 <a href=\"https:\/\/www.tcg-service.de\/tr\/home\/datenschutz\/\" class=\"more-link\"><span class=\"screen-reader-text\">Bilgi koruma<\/span> weiterlesen<\/a><\/p>\n","protected":false},"author":1,"featured_media":0,"parent":2,"menu_order":2,"comment_status":"closed","ping_status":"closed","template":"","meta":{"wp_typography_post_enhancements_disabled":false,"footnotes":""},"class_list":["post-1039","page","type-page","status-publish","hentry"],"translation":{"provider":"WPGlobus","version":"3.0.2","language":"tr","enabled_languages":["de","en","tr"],"languages":{"de":{"title":true,"content":true,"excerpt":false},"en":{"title":true,"content":true,"excerpt":false},"tr":{"title":true,"content":false,"excerpt":false}}},"yoast_head":"<!-- This site is optimized with the Yoast SEO plugin v27.5 - https:\/\/yoast.com\/product\/yoast-seo-wordpress\/ -->\n<title>Bilgi koruma | TCG - TASOEREN CONSULTING GROUP<\/title>\n<meta name=\"robots\" content=\"index, follow, max-snippet:-1, max-image-preview:large, max-video-preview:-1\" \/>\n<link rel=\"canonical\" href=\"https:\/\/www.tcg-service.de\/home\/datenschutz\/\" \/>\n<meta property=\"og:locale\" content=\"tr_TR\" \/>\n<meta property=\"og:type\" content=\"article\" \/>\n<meta property=\"og:title\" content=\"Bilgi koruma | TCG - TASOEREN CONSULTING GROUP\" \/>\n<meta property=\"og:url\" content=\"https:\/\/www.tcg-service.de\/home\/datenschutz\/\" \/>\n<meta property=\"og:site_name\" content=\"TCG - TASOEREN CONSULTING GROUP\" \/>\n<meta property=\"article:publisher\" content=\"https:\/\/www.facebook.com\/tcg.berlin\" \/>\n<meta property=\"article:modified_time\" content=\"2021-12-31T10:21:52+00:00\" \/>\n<meta name=\"twitter:card\" content=\"summary_large_image\" \/>\n<meta name=\"twitter:site\" content=\"@TCG_Berlin\" \/>\n<meta name=\"twitter:label1\" content=\"Gesch\u00e4tzte Lesezeit\" \/>\n\t<meta name=\"twitter:data1\" content=\"23 minutes\" \/>\n<script type=\"application\/ld+json\" class=\"yoast-schema-graph\">{\"@context\":\"https:\\\/\\\/schema.org\",\"@graph\":[{\"@type\":\"WebPage\",\"@id\":\"https:\\\/\\\/www.tcg-service.de\\\/home\\\/datenschutz\\\/\",\"url\":\"https:\\\/\\\/www.tcg-service.de\\\/home\\\/datenschutz\\\/\",\"name\":\"Bilgi koruma | TCG - TASOEREN CONSULTING GROUP\",\"isPartOf\":{\"@id\":\"https:\\\/\\\/www.tcg-service.de\\\/#website\"},\"datePublished\":\"2021-03-17T12:55:28+00:00\",\"dateModified\":\"2021-12-31T10:21:52+00:00\",\"breadcrumb\":{\"@id\":\"https:\\\/\\\/www.tcg-service.de\\\/home\\\/datenschutz\\\/#breadcrumb\"},\"inLanguage\":\"tr-TR\",\"potentialAction\":[{\"@type\":\"ReadAction\",\"target\":[\"https:\\\/\\\/www.tcg-service.de\\\/home\\\/datenschutz\\\/\"]}]},{\"@type\":\"BreadcrumbList\",\"@id\":\"https:\\\/\\\/www.tcg-service.de\\\/home\\\/datenschutz\\\/#breadcrumb\",\"itemListElement\":[{\"@type\":\"ListItem\",\"position\":1,\"name\":\"Home\",\"item\":\"https:\\\/\\\/www.tcg-service.de\\\/\"},{\"@type\":\"ListItem\",\"position\":2,\"name\":\"Startseite\",\"item\":\"https:\\\/\\\/www.tcg-service.de\\\/\"},{\"@type\":\"ListItem\",\"position\":3,\"name\":\"Datenschutz\"}]},{\"@type\":\"WebSite\",\"@id\":\"https:\\\/\\\/www.tcg-service.de\\\/#website\",\"url\":\"https:\\\/\\\/www.tcg-service.de\\\/\",\"name\":\"TCG - TASOEREN CONSULTING GROUP\",\"description\":\"Think differently - Farkl\u0131 bir dan\u0131\u015fmanl\u0131k...\",\"publisher\":{\"@id\":\"https:\\\/\\\/www.tcg-service.de\\\/#organization\"},\"potentialAction\":[{\"@type\":\"SearchAction\",\"target\":{\"@type\":\"EntryPoint\",\"urlTemplate\":\"https:\\\/\\\/www.tcg-service.de\\\/?s={search_term_string}\"},\"query-input\":{\"@type\":\"PropertyValueSpecification\",\"valueRequired\":true,\"valueName\":\"search_term_string\"}}],\"inLanguage\":\"tr-TR\"},{\"@type\":\"Organization\",\"@id\":\"https:\\\/\\\/www.tcg-service.de\\\/#organization\",\"name\":\"TCG - Tasoeren Consulting Group\",\"url\":\"https:\\\/\\\/www.tcg-service.de\\\/\",\"logo\":{\"@type\":\"ImageObject\",\"inLanguage\":\"tr-TR\",\"@id\":\"https:\\\/\\\/www.tcg-service.de\\\/#\\\/schema\\\/logo\\\/image\\\/\",\"url\":\"https:\\\/\\\/i1.wp.com\\\/www.tcg-service.de\\\/wp-content\\\/uploads\\\/TCG-Favicon.png?fit=512%2C512&ssl=1\",\"contentUrl\":\"https:\\\/\\\/i1.wp.com\\\/www.tcg-service.de\\\/wp-content\\\/uploads\\\/TCG-Favicon.png?fit=512%2C512&ssl=1\",\"width\":512,\"height\":512,\"caption\":\"TCG - Tasoeren Consulting Group\"},\"image\":{\"@id\":\"https:\\\/\\\/www.tcg-service.de\\\/#\\\/schema\\\/logo\\\/image\\\/\"},\"sameAs\":[\"https:\\\/\\\/www.facebook.com\\\/tcg.berlin\",\"https:\\\/\\\/x.com\\\/TCG_Berlin\",\"https:\\\/\\\/www.linkedin.com\\\/company\\\/tcg.berlin\"]}]}<\/script>\n<!-- \/ Yoast SEO plugin. -->","yoast_head_json":{"title":"Bilgi koruma | TCG - TASOEREN CONSULTING GROUP","robots":{"index":"index","follow":"follow","max-snippet":"max-snippet:-1","max-image-preview":"max-image-preview:large","max-video-preview":"max-video-preview:-1"},"canonical":"https:\/\/www.tcg-service.de\/home\/datenschutz\/","og_locale":"tr_TR","og_type":"article","og_title":"Bilgi koruma | TCG - TASOEREN CONSULTING GROUP","og_url":"https:\/\/www.tcg-service.de\/home\/datenschutz\/","og_site_name":"TCG - TASOEREN CONSULTING GROUP","article_publisher":"https:\/\/www.facebook.com\/tcg.berlin","article_modified_time":"2021-12-31T10:21:52+00:00","twitter_card":"summary_large_image","twitter_site":"@TCG_Berlin","twitter_misc":{"Gesch\u00e4tzte Lesezeit":"23 minutes"},"schema":{"@context":"https:\/\/schema.org","@graph":[{"@type":"WebPage","@id":"https:\/\/www.tcg-service.de\/home\/datenschutz\/","url":"https:\/\/www.tcg-service.de\/home\/datenschutz\/","name":"Bilgi koruma | TCG - TASOEREN CONSULTING GROUP","isPartOf":{"@id":"https:\/\/www.tcg-service.de\/#website"},"datePublished":"2021-03-17T12:55:28+00:00","dateModified":"2021-12-31T10:21:52+00:00","breadcrumb":{"@id":"https:\/\/www.tcg-service.de\/home\/datenschutz\/#breadcrumb"},"inLanguage":"tr-TR","potentialAction":[{"@type":"ReadAction","target":["https:\/\/www.tcg-service.de\/home\/datenschutz\/"]}]},{"@type":"BreadcrumbList","@id":"https:\/\/www.tcg-service.de\/home\/datenschutz\/#breadcrumb","itemListElement":[{"@type":"ListItem","position":1,"name":"Home","item":"https:\/\/www.tcg-service.de\/"},{"@type":"ListItem","position":2,"name":"Startseite","item":"https:\/\/www.tcg-service.de\/"},{"@type":"ListItem","position":3,"name":"Datenschutz"}]},{"@type":"WebSite","@id":"https:\/\/www.tcg-service.de\/#website","url":"https:\/\/www.tcg-service.de\/","name":"TCG - TASOEREN CONSULTING GROUP","description":"Think differently - Farkl\u0131 bir dan\u0131\u015fmanl\u0131k...","publisher":{"@id":"https:\/\/www.tcg-service.de\/#organization"},"potentialAction":[{"@type":"SearchAction","target":{"@type":"EntryPoint","urlTemplate":"https:\/\/www.tcg-service.de\/?s={search_term_string}"},"query-input":{"@type":"PropertyValueSpecification","valueRequired":true,"valueName":"search_term_string"}}],"inLanguage":"tr-TR"},{"@type":"Organization","@id":"https:\/\/www.tcg-service.de\/#organization","name":"TCG - Tasoeren Consulting Group","url":"https:\/\/www.tcg-service.de\/","logo":{"@type":"ImageObject","inLanguage":"tr-TR","@id":"https:\/\/www.tcg-service.de\/#\/schema\/logo\/image\/","url":"https:\/\/i1.wp.com\/www.tcg-service.de\/wp-content\/uploads\/TCG-Favicon.png?fit=512%2C512&ssl=1","contentUrl":"https:\/\/i1.wp.com\/www.tcg-service.de\/wp-content\/uploads\/TCG-Favicon.png?fit=512%2C512&ssl=1","width":512,"height":512,"caption":"TCG - Tasoeren Consulting Group"},"image":{"@id":"https:\/\/www.tcg-service.de\/#\/schema\/logo\/image\/"},"sameAs":["https:\/\/www.facebook.com\/tcg.berlin","https:\/\/x.com\/TCG_Berlin","https:\/\/www.linkedin.com\/company\/tcg.berlin"]}]}},"jetpack_sharing_enabled":true,"_links":{"self":[{"href":"https:\/\/www.tcg-service.de\/tr\/wp-json\/wp\/v2\/pages\/1039","targetHints":{"allow":["GET"]}}],"collection":[{"href":"https:\/\/www.tcg-service.de\/tr\/wp-json\/wp\/v2\/pages"}],"about":[{"href":"https:\/\/www.tcg-service.de\/tr\/wp-json\/wp\/v2\/types\/page"}],"author":[{"embeddable":true,"href":"https:\/\/www.tcg-service.de\/tr\/wp-json\/wp\/v2\/users\/1"}],"replies":[{"embeddable":true,"href":"https:\/\/www.tcg-service.de\/tr\/wp-json\/wp\/v2\/comments?post=1039"}],"version-history":[{"count":24,"href":"https:\/\/www.tcg-service.de\/tr\/wp-json\/wp\/v2\/pages\/1039\/revisions"}],"predecessor-version":[{"id":2730,"href":"https:\/\/www.tcg-service.de\/tr\/wp-json\/wp\/v2\/pages\/1039\/revisions\/2730"}],"up":[{"embeddable":true,"href":"https:\/\/www.tcg-service.de\/tr\/wp-json\/wp\/v2\/pages\/2"}],"wp:attachment":[{"href":"https:\/\/www.tcg-service.de\/tr\/wp-json\/wp\/v2\/media?parent=1039"}],"curies":[{"name":"wp","href":"https:\/\/api.w.org\/{rel}","templated":true}]}}